{"id":1121,"date":"2020-07-13T19:07:09","date_gmt":"2020-07-13T19:07:09","guid":{"rendered":"https:\/\/www.ibero.org\/?page_id=1121"},"modified":"2022-09-16T15:37:51","modified_gmt":"2022-09-16T15:37:51","slug":"developmental-disabilities-services","status":"publish","type":"page","link":"https:\/\/www.ibero.org\/es\/developmental-disabilities-services\/","title":{"rendered":"Discapacidades del Desarrollo"},"content":{"rendered":"<div data-elementor-type=\"wp-page\" data-elementor-id=\"1121\" class=\"elementor elementor-1121\" data-elementor-post-type=\"page\">\n\t\t\t\t\t\t<section class=\"elementor-section elementor-top-section elementor-element elementor-element-3655850e elementor-section-content-middle elementor-section-stretched elementor-section-height-min-height elementor-section-full_width elementor-section-height-default elementor-section-items-middle\" data-id=\"3655850e\" data-element_type=\"section\" data-e-type=\"section\" data-settings=\"{&quot;stretch_section&quot;:&quot;section-stretched&quot;,&quot;background_background&quot;:&quot;classic&quot;}\">\n\t\t\t\t\t\t\t<div class=\"elementor-background-overlay\"><\/div>\n\t\t\t\t\t\t\t<div class=\"elementor-container elementor-column-gap-no\">\n\t\t\t\t\t<div class=\"elementor-column elementor-col-50 elementor-top-column elementor-element elementor-element-137dcd1c\" data-id=\"137dcd1c\" data-element_type=\"column\" data-e-type=\"column\" data-settings=\"{&quot;background_background&quot;:&quot;classic&quot;}\">\n\t\t\t<div class=\"elementor-widget-wrap elementor-element-populated\">\n\t\t\t\t\t\t<div class=\"elementor-element elementor-element-17bd5a4 elementor-widget elementor-widget-spacer\" data-id=\"17bd5a4\" data-element_type=\"widget\" data-e-type=\"widget\" data-widget_type=\"spacer.default\">\n\t\t\t\t<div class=\"elementor-widget-container\">\n\t\t\t\t\t\t\t<div class=\"elementor-spacer\">\n\t\t\t<div class=\"elementor-spacer-inner\"><\/div>\n\t\t<\/div>\n\t\t\t\t\t\t<\/div>\n\t\t\t\t<\/div>\n\t\t\t\t\t<\/div>\n\t\t<\/div>\n\t\t\t\t<div class=\"elementor-column elementor-col-50 elementor-top-column elementor-element elementor-element-7251136d\" data-id=\"7251136d\" data-element_type=\"column\" data-e-type=\"column\" data-settings=\"{&quot;background_background&quot;:&quot;classic&quot;}\">\n\t\t\t<div class=\"elementor-widget-wrap elementor-element-populated\">\n\t\t\t\t\t\t<section class=\"elementor-section elementor-inner-section elementor-element elementor-element-e1dda5d programs_hero_conent elementor-section-boxed elementor-section-height-default elementor-section-height-default\" data-id=\"e1dda5d\" data-element_type=\"section\" data-e-type=\"section\">\n\t\t\t\t\t\t<div class=\"elementor-container elementor-column-gap-default\">\n\t\t\t\t\t<div class=\"elementor-column elementor-col-100 elementor-inner-column elementor-element elementor-element-a78f9be\" data-id=\"a78f9be\" data-element_type=\"column\" data-e-type=\"column\">\n\t\t\t<div class=\"elementor-widget-wrap elementor-element-populated\">\n\t\t\t\t\t\t<div class=\"elementor-element elementor-element-154a99e elementor-widget-divider--view-line elementor-invisible elementor-widget elementor-widget-divider\" data-id=\"154a99e\" data-element_type=\"widget\" data-e-type=\"widget\" data-settings=\"{&quot;_animation&quot;:&quot;fadeIn&quot;}\" data-widget_type=\"divider.default\">\n\t\t\t\t<div class=\"elementor-widget-container\">\n\t\t\t\t\t\t\t<div class=\"elementor-divider\">\n\t\t\t<span class=\"elementor-divider-separator\">\n\t\t\t\t\t\t<\/span>\n\t\t<\/div>\n\t\t\t\t\t\t<\/div>\n\t\t\t\t<\/div>\n\t\t\t\t<div class=\"elementor-element elementor-element-c8e2d79 elementor-invisible elementor-widget elementor-widget-heading\" data-id=\"c8e2d79\" data-element_type=\"widget\" data-e-type=\"widget\" data-settings=\"{&quot;_animation&quot;:&quot;fadeInLeft&quot;}\" data-widget_type=\"heading.default\">\n\t\t\t\t<div class=\"elementor-widget-container\">\n\t\t\t\t\t<h2 class=\"elementor-heading-title elementor-size-default\">Discapacidades del Desarrollo <\/h2>\t\t\t\t<\/div>\n\t\t\t\t<\/div>\n\t\t\t\t<div class=\"elementor-element elementor-element-ec5e1c7 elementor-invisible elementor-widget elementor-widget-text-editor\" data-id=\"ec5e1c7\" data-element_type=\"widget\" data-e-type=\"widget\" data-settings=\"{&quot;_animation&quot;:&quot;fadeInLeft&quot;}\" data-widget_type=\"text-editor.default\">\n\t\t\t\t<div class=\"elementor-widget-container\">\n\t\t\t\t\t\t\t\t\t<p>Our trained bilingual and multicultural staff work with individuals to support their acquisition of important, basic life skills needed to manage daily responsibilities consistent with concepts of \u201cPerson Centered Planning.\u201d\u00a0<\/p>\t\t\t\t\t\t\t\t<\/div>\n\t\t\t\t<\/div>\n\t\t\t\t<div class=\"elementor-element elementor-element-2bd2c47 elementor-widget__width-auto elementor-widget elementor-widget-button\" data-id=\"2bd2c47\" data-element_type=\"widget\" data-e-type=\"widget\" data-widget_type=\"button.default\">\n\t\t\t\t<div class=\"elementor-widget-container\">\n\t\t\t\t\t\t\t\t\t<div class=\"elementor-button-wrapper\">\n\t\t\t\t\t<a class=\"elementor-button elementor-button-link elementor-size-sm\" href=\"https:\/\/ibero.impowr.net\/forms\/ApplicantPortalHome?P=41\">\n\t\t\t\t\t\t<span class=\"elementor-button-content-wrapper\">\n\t\t\t\t\t\t\t\t\t<span class=\"elementor-button-text\">Aplique ya<\/span>\n\t\t\t\t\t<\/span>\n\t\t\t\t\t<\/a>\n\t\t\t\t<\/div>\n\t\t\t\t\t\t\t\t<\/div>\n\t\t\t\t<\/div>\n\t\t\t\t\t<\/div>\n\t\t<\/div>\n\t\t\t\t\t<\/div>\n\t\t<\/section>\n\t\t\t\t\t<\/div>\n\t\t<\/div>\n\t\t\t\t\t<\/div>\n\t\t<\/section>\n\t\t\t\t<section class=\"elementor-section elementor-top-section elementor-element elementor-element-2d4b8f5 elementor-section-boxed elementor-section-height-default elementor-section-height-default\" data-id=\"2d4b8f5\" data-element_type=\"section\" data-e-type=\"section\">\n\t\t\t\t\t\t<div class=\"elementor-container elementor-column-gap-default\">\n\t\t\t\t\t<div class=\"elementor-column elementor-col-100 elementor-top-column elementor-element elementor-element-c2cddc0\" data-id=\"c2cddc0\" data-element_type=\"column\" data-e-type=\"column\">\n\t\t\t<div class=\"elementor-widget-wrap elementor-element-populated\">\n\t\t\t\t\t\t<section class=\"elementor-section elementor-inner-section elementor-element elementor-element-5a77674 elementor-section-boxed elementor-section-height-default elementor-section-height-default\" data-id=\"5a77674\" data-element_type=\"section\" data-e-type=\"section\">\n\t\t\t\t\t\t<div class=\"elementor-container elementor-column-gap-default\">\n\t\t\t\t\t<div class=\"elementor-column elementor-col-50 elementor-inner-column elementor-element elementor-element-f1f53bb\" data-id=\"f1f53bb\" data-element_type=\"column\" data-e-type=\"column\">\n\t\t\t<div class=\"elementor-widget-wrap elementor-element-populated\">\n\t\t\t\t\t\t<div class=\"elementor-element elementor-element-26702ae elementor-widget elementor-widget-image\" data-id=\"26702ae\" data-element_type=\"widget\" data-e-type=\"widget\" data-widget_type=\"image.default\">\n\t\t\t\t<div class=\"elementor-widget-container\">\n\t\t\t\t\t\t\t\t\t\t\t\t\t\t\t\t<a href=\"http:\/\/iadconline.org\/wp-content\/uploads\/2021\/09\/Pueblo-Nuevo-1-TenantApplicationForm-English-002.pdf\" target=\"_blank\">\n\t\t\t\t\t\t\t<img fetchpriority=\"high\" decoding=\"async\" width=\"450\" height=\"375\" src=\"https:\/\/www.ibero.org\/wp-content\/uploads\/2022\/03\/1-1.png\" class=\"attachment-large size-large wp-image-3996\" alt=\"New Affordable Housing Apply Today\" srcset=\"https:\/\/www.ibero.org\/wp-content\/uploads\/2022\/03\/1-1.png 450w, https:\/\/www.ibero.org\/wp-content\/uploads\/2022\/03\/1-1-300x250.png 300w, https:\/\/www.ibero.org\/wp-content\/uploads\/2022\/03\/1-1-14x12.png 14w\" sizes=\"(max-width: 450px) 100vw, 450px\" \/>\t\t\t\t\t\t\t\t<\/a>\n\t\t\t\t\t\t\t\t\t\t\t\t\t\t\t<\/div>\n\t\t\t\t<\/div>\n\t\t\t\t\t<\/div>\n\t\t<\/div>\n\t\t\t\t<div class=\"elementor-column elementor-col-50 elementor-inner-column elementor-element elementor-element-b75994e\" data-id=\"b75994e\" data-element_type=\"column\" data-e-type=\"column\">\n\t\t\t<div class=\"elementor-widget-wrap elementor-element-populated\">\n\t\t\t\t\t\t<div class=\"elementor-element elementor-element-fabed97 elementor-widget elementor-widget-heading\" data-id=\"fabed97\" data-element_type=\"widget\" data-e-type=\"widget\" data-widget_type=\"heading.default\">\n\t\t\t\t<div class=\"elementor-widget-container\">\n\t\t\t\t\t<h4 class=\"elementor-heading-title elementor-size-default\">Virtual Tour of OPWDD Housing Unit<\/h4>\t\t\t\t<\/div>\n\t\t\t\t<\/div>\n\t\t\t\t<div class=\"elementor-element elementor-element-8c40186 elementor-widget elementor-widget-video\" data-id=\"8c40186\" data-element_type=\"widget\" data-e-type=\"widget\" data-settings=\"{&quot;video_type&quot;:&quot;hosted&quot;,&quot;autoplay&quot;:&quot;yes&quot;,&quot;play_on_mobile&quot;:&quot;yes&quot;,&quot;mute&quot;:&quot;yes&quot;,&quot;loop&quot;:&quot;yes&quot;,&quot;controls&quot;:&quot;yes&quot;}\" data-widget_type=\"video.default\">\n\t\t\t\t<div class=\"elementor-widget-container\">\n\t\t\t\t\t\t\t<div class=\"e-hosted-video elementor-wrapper elementor-open-inline\">\n\t\t\t\t\t<video class=\"elementor-video\" src=\"https:\/\/www.ibero.org\/wp-content\/uploads\/2022\/09\/OPWDD_unit.mp4\" autoplay=\"\" loop=\"\" controls=\"\" muted=\"muted\" playsinline=\"\" controlslist=\"nodownload\" poster=\"https:\/\/www.ibero.org\/wp-content\/uploads\/2022\/09\/opwdd-housing-unit.jpg\"><\/video>\n\t\t\t\t<\/div>\n\t\t\t\t\t\t<\/div>\n\t\t\t\t<\/div>\n\t\t\t\t\t<\/div>\n\t\t<\/div>\n\t\t\t\t\t<\/div>\n\t\t<\/section>\n\t\t\t\t\t<\/div>\n\t\t<\/div>\n\t\t\t\t\t<\/div>\n\t\t<\/section>\n\t\t\t\t<section class=\"elementor-section elementor-top-section elementor-element elementor-element-6367ec2 elementor-section-boxed elementor-section-height-default elementor-section-height-default\" data-id=\"6367ec2\" data-element_type=\"section\" data-e-type=\"section\" id=\"more\">\n\t\t\t\t\t\t<div class=\"elementor-container elementor-column-gap-wide\">\n\t\t\t\t\t<div class=\"elementor-column elementor-col-50 elementor-top-column elementor-element elementor-element-8156b92\" data-id=\"8156b92\" data-element_type=\"column\" data-e-type=\"column\">\n\t\t\t<div class=\"elementor-widget-wrap elementor-element-populated\">\n\t\t\t\t\t\t<div class=\"elementor-element elementor-element-33fd396 cta-textbtn elementor-cta--skin-classic elementor-animated-content elementor-bg-transform elementor-bg-transform-zoom-in elementor-invisible elementor-widget elementor-widget-call-to-action\" data-id=\"33fd396\" data-element_type=\"widget\" data-e-type=\"widget\" data-settings=\"{&quot;_animation&quot;:&quot;fadeInLeft&quot;}\" data-widget_type=\"call-to-action.default\">\n\t\t\t\t<div class=\"elementor-widget-container\">\n\t\t\t\t\t\t\t<div class=\"elementor-cta\">\n\t\t\t\t\t\t\t<div class=\"elementor-cta__content\">\n\t\t\t\t\n\t\t\t\t\t\t\t\t\t<h4 class=\"elementor-cta__title elementor-cta__content-item elementor-content-item\">\n\t\t\t\t\t\tHabilitaci\u00f3n en la Comunidad\t\t\t\t\t<\/h4>\n\t\t\t\t\n\t\t\t\t\t\t\t\t\t<div class=\"elementor-cta__description elementor-cta__content-item elementor-content-item\">\n\t\t\t\t\t\tNuestro Programa de Habilitaci\u00f3n Comunitaria ayuda a los participantes a adquirir habilidades en las \u00e1reas de planificaci\u00f3n y preparaci\u00f3n de comidas, manejo de las finanzas del hogar y comparaci\u00f3n de compras. \t\t\t\t\t<\/div>\n\t\t\t\t\n\t\t\t\t\t\t\t<\/div>\n\t\t\t\t\t\t<\/div>\n\t\t\t\t\t\t<\/div>\n\t\t\t\t<\/div>\n\t\t\t\t<div class=\"elementor-element elementor-element-b582c9d cta-textbtn elementor-cta--skin-classic elementor-animated-content elementor-bg-transform elementor-bg-transform-zoom-in elementor-invisible elementor-widget elementor-widget-call-to-action\" data-id=\"b582c9d\" data-element_type=\"widget\" data-e-type=\"widget\" data-settings=\"{&quot;_animation&quot;:&quot;fadeInLeft&quot;}\" data-widget_type=\"call-to-action.default\">\n\t\t\t\t<div class=\"elementor-widget-container\">\n\t\t\t\t\t\t\t<div class=\"elementor-cta\">\n\t\t\t\t\t\t\t<div class=\"elementor-cta__content\">\n\t\t\t\t\n\t\t\t\t\t\t\t\t\t<h4 class=\"elementor-cta__title elementor-cta__content-item elementor-content-item\">\n\t\t\t\t\t\tPrograma Comunitario Pre-vocacional \t\t\t\t\t<\/h4>\n\t\t\t\t\n\t\t\t\t\t\t\t\t\t<div class=\"elementor-cta__description elementor-cta__content-item elementor-content-item\">\n\t\t\t\t\t\tEl Programa Comunitario Pre-vocacional proporciona aprendizaje y experiencias de trabajo, incluyendo fortalezas y habilidades no espec\u00edficas de trabajo que promueven la empleabilidad en un ambiente comunitario integrado de empleo remunerado.\t\t\t\t\t<\/div>\n\t\t\t\t\n\t\t\t\t\t\t\t<\/div>\n\t\t\t\t\t\t<\/div>\n\t\t\t\t\t\t<\/div>\n\t\t\t\t<\/div>\n\t\t\t\t\t<\/div>\n\t\t<\/div>\n\t\t\t\t<div class=\"elementor-column elementor-col-50 elementor-top-column elementor-element elementor-element-198c1c3\" data-id=\"198c1c3\" data-element_type=\"column\" data-e-type=\"column\">\n\t\t\t<div class=\"elementor-widget-wrap elementor-element-populated\">\n\t\t\t\t\t\t<div class=\"elementor-element elementor-element-a117f4a elementor-widget-divider--view-line elementor-invisible elementor-widget elementor-widget-divider\" data-id=\"a117f4a\" data-element_type=\"widget\" data-e-type=\"widget\" data-settings=\"{&quot;_animation&quot;:&quot;fadeIn&quot;}\" data-widget_type=\"divider.default\">\n\t\t\t\t<div class=\"elementor-widget-container\">\n\t\t\t\t\t\t\t<div class=\"elementor-divider\">\n\t\t\t<span class=\"elementor-divider-separator\">\n\t\t\t\t\t\t<\/span>\n\t\t<\/div>\n\t\t\t\t\t\t<\/div>\n\t\t\t\t<\/div>\n\t\t\t\t<div class=\"elementor-element elementor-element-b8918b4 elementor-invisible elementor-widget elementor-widget-heading\" data-id=\"b8918b4\" data-element_type=\"widget\" data-e-type=\"widget\" data-settings=\"{&quot;_animation&quot;:&quot;fadeInLeft&quot;}\" data-widget_type=\"heading.default\">\n\t\t\t\t<div class=\"elementor-widget-container\">\n\t\t\t\t\t<h2 class=\"elementor-heading-title elementor-size-default\">El personal de Ibero ayuda a coordinar no s\u00f3lo los servicios m\u00e9dicos de salud mental y abuso de sustancias, sino tambi\u00e9n las necesidades de servicios sociales del individuo.<\/h2>\t\t\t\t<\/div>\n\t\t\t\t<\/div>\n\t\t\t\t\t<\/div>\n\t\t<\/div>\n\t\t\t\t\t<\/div>\n\t\t<\/section>\n\t\t\t\t<section class=\"elementor-section elementor-top-section elementor-element elementor-element-ff84af3 elementor-section-boxed elementor-section-height-default elementor-section-height-default\" data-id=\"ff84af3\" data-element_type=\"section\" data-e-type=\"section\">\n\t\t\t\t\t\t<div class=\"elementor-container elementor-column-gap-wider\">\n\t\t\t\t\t<div class=\"elementor-column elementor-col-100 elementor-top-column elementor-element elementor-element-ca0b49e\" data-id=\"ca0b49e\" data-element_type=\"column\" data-e-type=\"column\" data-settings=\"{&quot;background_background&quot;:&quot;classic&quot;}\">\n\t\t\t<div class=\"elementor-widget-wrap elementor-element-populated\">\n\t\t\t\t\t\t<section class=\"elementor-section elementor-inner-section elementor-element elementor-element-8b81fee elementor-section-boxed elementor-section-height-default elementor-section-height-default\" data-id=\"8b81fee\" data-element_type=\"section\" data-e-type=\"section\">\n\t\t\t\t\t\t<div class=\"elementor-container elementor-column-gap-wide\">\n\t\t\t\t\t<div class=\"elementor-column elementor-col-50 elementor-inner-column elementor-element elementor-element-4c6311e\" data-id=\"4c6311e\" data-element_type=\"column\" data-e-type=\"column\">\n\t\t\t<div class=\"elementor-widget-wrap elementor-element-populated\">\n\t\t\t\t\t\t<div class=\"elementor-element elementor-element-50871a8 elementor-widget elementor-widget-image\" data-id=\"50871a8\" data-element_type=\"widget\" data-e-type=\"widget\" data-widget_type=\"image.default\">\n\t\t\t\t<div class=\"elementor-widget-container\">\n\t\t\t\t\t\t\t\t\t\t\t\t\t\t\t<img decoding=\"async\" width=\"800\" height=\"890\" src=\"https:\/\/www.ibero.org\/wp-content\/uploads\/2020\/07\/Ibero-Programs2-02.jpg\" class=\"attachment-large size-large wp-image-1273\" alt=\"\" srcset=\"https:\/\/www.ibero.org\/wp-content\/uploads\/2020\/07\/Ibero-Programs2-02.jpg 800w, https:\/\/www.ibero.org\/wp-content\/uploads\/2020\/07\/Ibero-Programs2-02-270x300.jpg 270w, https:\/\/www.ibero.org\/wp-content\/uploads\/2020\/07\/Ibero-Programs2-02-768x854.jpg 768w\" sizes=\"(max-width: 800px) 100vw, 800px\" \/>\t\t\t\t\t\t\t\t\t\t\t\t\t\t\t<\/div>\n\t\t\t\t<\/div>\n\t\t\t\t\t<\/div>\n\t\t<\/div>\n\t\t\t\t<div class=\"elementor-column elementor-col-50 elementor-inner-column elementor-element elementor-element-4a6601f\" data-id=\"4a6601f\" data-element_type=\"column\" data-e-type=\"column\">\n\t\t\t<div class=\"elementor-widget-wrap elementor-element-populated\">\n\t\t\t\t\t\t<div class=\"elementor-element elementor-element-dddaef5 cta-textbtn elementor-cta--skin-classic elementor-animated-content elementor-bg-transform elementor-bg-transform-zoom-in elementor-invisible elementor-widget elementor-widget-call-to-action\" data-id=\"dddaef5\" data-element_type=\"widget\" data-e-type=\"widget\" data-settings=\"{&quot;_animation&quot;:&quot;fadeInLeft&quot;}\" data-widget_type=\"call-to-action.default\">\n\t\t\t\t<div class=\"elementor-widget-container\">\n\t\t\t\t\t\t\t<div class=\"elementor-cta\">\n\t\t\t\t\t\t\t<div class=\"elementor-cta__content\">\n\t\t\t\t\n\t\t\t\t\t\t\t\t\t<h4 class=\"elementor-cta__title elementor-cta__content-item elementor-content-item\">\n\t\t\t\t\t\tPrograma ampliado del SEMP\t\t\t\t\t<\/h4>\n\t\t\t\t\n\t\t\t\t\t\t\t\t\t<div class=\"elementor-cta__description elementor-cta__content-item elementor-content-item\">\n\t\t\t\t\t\tEl programa ampliado del SEMP ofrece capacitaci\u00f3n laboral, tutor\u00eda y visitas de seguimiento para asegurar que se adapten bien a su ambiente de trabajo. Pathway to Employment tambi\u00e9n proporciona educaci\u00f3n en habilidades de pre-empleo, experiencias vocacionales comunitarias integradas, desarrollo de un plan vocacional o de carrera, para lograr el mayor nivel de independencia posible. \t\t\t\t\t<\/div>\n\t\t\t\t\n\t\t\t\t\t\t\t<\/div>\n\t\t\t\t\t\t<\/div>\n\t\t\t\t\t\t<\/div>\n\t\t\t\t<\/div>\n\t\t\t\t<div class=\"elementor-element elementor-element-5e0f6e6 cta-textbtn elementor-cta--skin-classic elementor-animated-content elementor-bg-transform elementor-bg-transform-zoom-in elementor-invisible elementor-widget elementor-widget-call-to-action\" data-id=\"5e0f6e6\" data-element_type=\"widget\" data-e-type=\"widget\" data-settings=\"{&quot;_animation&quot;:&quot;fadeInLeft&quot;}\" data-widget_type=\"call-to-action.default\">\n\t\t\t\t<div class=\"elementor-widget-container\">\n\t\t\t\t\t\t\t<div class=\"elementor-cta\">\n\t\t\t\t\t\t\t<div class=\"elementor-cta__content\">\n\t\t\t\t\n\t\t\t\t\t\t\t\t\t<h4 class=\"elementor-cta__title elementor-cta__content-item elementor-content-item\">\n\t\t\t\t\t\tPrograma de Recreaci\u00f3n de Monroe\t\t\t\t\t<\/h4>\n\t\t\t\t\n\t\t\t\t\t\t\t\t\t<div class=\"elementor-cta__description elementor-cta__content-item elementor-content-item\">\n\t\t\t\t\t\tThe Monroe Recreation Program allows individuals that live at home and their families to participate in various events in the community for inclusion and enhancing community participation.\t\t\t\t\t<\/div>\n\t\t\t\t\n\t\t\t\t\t\t\t<\/div>\n\t\t\t\t\t\t<\/div>\n\t\t\t\t\t\t<\/div>\n\t\t\t\t<\/div>\n\t\t\t\t<div class=\"elementor-element elementor-element-66b4b06 cta-textbtn elementor-cta--skin-classic elementor-animated-content elementor-bg-transform elementor-bg-transform-zoom-in elementor-invisible elementor-widget elementor-widget-call-to-action\" data-id=\"66b4b06\" data-element_type=\"widget\" data-e-type=\"widget\" data-settings=\"{&quot;_animation&quot;:&quot;fadeInLeft&quot;}\" data-widget_type=\"call-to-action.default\">\n\t\t\t\t<div class=\"elementor-widget-container\">\n\t\t\t\t\t\t\t<div class=\"elementor-cta\">\n\t\t\t\t\t\t\t<div class=\"elementor-cta__content\">\n\t\t\t\t\n\t\t\t\t\t\t\t\t\t<h4 class=\"elementor-cta__title elementor-cta__content-item elementor-content-item\">\n\t\t\t\t\t\t<p style=\"margin-right: 0px;margin-bottom: 0px;margin-left: 0px;font-family: Arial, Helvetica, sans-serif;font-size: small;font-weight: 400;white-space: normal;background-image: initial;background-position: initial;background-size: initial;background-repeat: initial;background-attachment: initial\"><b><span style=\"font-size: 19.5pt;font-family: inherit\">In Home Respite<\/span><\/b><span style=\"font-family: inherit;font-size: 26px;font-weight: 700;white-space: pre-wrap\"><\/span><\/p>\t\t\t\t\t<\/h4>\n\t\t\t\t\n\t\t\t\t\t\t\t\t\t<div class=\"elementor-cta__description elementor-cta__content-item elementor-content-item\">\n\t\t\t\t\t\tHourly Respite provides relief to caregivers of individuals that live at home with developmental disabilities so they may dedicate time to self-care.\n\t\t\t\t\t<\/div>\n\t\t\t\t\n\t\t\t\t\t\t\t<\/div>\n\t\t\t\t\t\t<\/div>\n\t\t\t\t\t\t<\/div>\n\t\t\t\t<\/div>\n\t\t\t\t\t<\/div>\n\t\t<\/div>\n\t\t\t\t\t<\/div>\n\t\t<\/section>\n\t\t\t\t<section class=\"elementor-section elementor-inner-section elementor-element elementor-element-07c24ba elementor-section-boxed elementor-section-height-default elementor-section-height-default\" data-id=\"07c24ba\" data-element_type=\"section\" data-e-type=\"section\">\n\t\t\t\t\t\t<div class=\"elementor-container elementor-column-gap-wide\">\n\t\t\t\t\t<div class=\"elementor-column elementor-col-50 elementor-inner-column elementor-element elementor-element-75c2bd6\" data-id=\"75c2bd6\" data-element_type=\"column\" data-e-type=\"column\">\n\t\t\t<div class=\"elementor-widget-wrap elementor-element-populated\">\n\t\t\t\t\t\t<div class=\"elementor-element elementor-element-9e7f026 cta-textbtn elementor-cta--skin-classic elementor-animated-content elementor-bg-transform elementor-bg-transform-zoom-in elementor-invisible elementor-widget elementor-widget-call-to-action\" data-id=\"9e7f026\" data-element_type=\"widget\" data-e-type=\"widget\" data-settings=\"{&quot;_animation&quot;:&quot;fadeInLeft&quot;}\" data-widget_type=\"call-to-action.default\">\n\t\t\t\t<div class=\"elementor-widget-container\">\n\t\t\t\t\t\t\t<div class=\"elementor-cta\">\n\t\t\t\t\t\t\t<div class=\"elementor-cta__content\">\n\t\t\t\t\n\t\t\t\t\t\t\t\t\t<h4 class=\"elementor-cta__title elementor-cta__content-item elementor-content-item\">\n\t\t\t\t\t\tPrograma de Habilitaci\u00f3n Diurna \t\t\t\t\t<\/h4>\n\t\t\t\t\n\t\t\t\t\t\t\t\t\t<div class=\"elementor-cta__description elementor-cta__content-item elementor-content-item\">\n\t\t\t\t\t\tEl programa de Habilitaci\u00f3n Diurna ense\u00f1a habilidades b\u00e1sicas para aumentar la independencia. El programa se ofrece cuatro horas diarias de lunes a viernes. Tambi\u00e9n ofrecemos varios servicios de apoyo a la familia. \t\t\t\t\t<\/div>\n\t\t\t\t\n\t\t\t\t\t\t\t<\/div>\n\t\t\t\t\t\t<\/div>\n\t\t\t\t\t\t<\/div>\n\t\t\t\t<\/div>\n\t\t\t\t\t<\/div>\n\t\t<\/div>\n\t\t\t\t<div class=\"elementor-column elementor-col-50 elementor-inner-column elementor-element elementor-element-3858b92\" data-id=\"3858b92\" data-element_type=\"column\" data-e-type=\"column\">\n\t\t\t<div class=\"elementor-widget-wrap elementor-element-populated\">\n\t\t\t\t\t\t<div class=\"elementor-element elementor-element-0847aa3 cta-textbtn elementor-cta--skin-classic elementor-animated-content elementor-bg-transform elementor-bg-transform-zoom-in elementor-invisible elementor-widget elementor-widget-call-to-action\" data-id=\"0847aa3\" data-element_type=\"widget\" data-e-type=\"widget\" data-settings=\"{&quot;_animation&quot;:&quot;fadeInLeft&quot;}\" data-widget_type=\"call-to-action.default\">\n\t\t\t\t<div class=\"elementor-widget-container\">\n\t\t\t\t\t\t\t<div class=\"elementor-cta\">\n\t\t\t\t\t\t\t<div class=\"elementor-cta__content\">\n\t\t\t\t\n\t\t\t\t\t\t\t\t\t<h4 class=\"elementor-cta__title elementor-cta__content-item elementor-content-item\">\n\t\t\t\t\t\tPrograma de Reembolso Familiar \t\t\t\t\t<\/h4>\n\t\t\t\t\n\t\t\t\t\t\t\t\t\t<div class=\"elementor-cta__description elementor-cta__content-item elementor-content-item\">\n\t\t\t\t\t\tEl Programa de Reembolso Familiar ayuda a las familias a mejorar su nivel de cuidado de un pariente con una discapacidad de desarrollo. \t\t\t\t\t<\/div>\n\t\t\t\t\n\t\t\t\t\t\t\t<\/div>\n\t\t\t\t\t\t<\/div>\n\t\t\t\t\t\t<\/div>\n\t\t\t\t<\/div>\n\t\t\t\t\t<\/div>\n\t\t<\/div>\n\t\t\t\t\t<\/div>\n\t\t<\/section>\n\t\t\t\t<section class=\"elementor-section elementor-inner-section elementor-element elementor-element-cc93b46 elementor-section-boxed elementor-section-height-default elementor-section-height-default\" data-id=\"cc93b46\" data-element_type=\"section\" data-e-type=\"section\">\n\t\t\t\t\t\t<div class=\"elementor-container elementor-column-gap-wide\">\n\t\t\t\t\t<div class=\"elementor-column elementor-col-100 elementor-inner-column elementor-element elementor-element-91c09fb\" data-id=\"91c09fb\" data-element_type=\"column\" data-e-type=\"column\">\n\t\t\t<div class=\"elementor-widget-wrap elementor-element-populated\">\n\t\t\t\t\t\t<div class=\"elementor-element elementor-element-1a6e5ae cta-textbtn elementor-cta--skin-classic elementor-animated-content elementor-bg-transform elementor-bg-transform-zoom-in elementor-invisible elementor-widget elementor-widget-call-to-action\" data-id=\"1a6e5ae\" data-element_type=\"widget\" data-e-type=\"widget\" data-settings=\"{&quot;_animation&quot;:&quot;fadeInLeft&quot;}\" data-widget_type=\"call-to-action.default\">\n\t\t\t\t<div class=\"elementor-widget-container\">\n\t\t\t\t\t\t\t<div class=\"elementor-cta\">\n\t\t\t\t\t\t\t<div class=\"elementor-cta__content\">\n\t\t\t\t\n\t\t\t\t\t\t\t\t\t<h4 class=\"elementor-cta__title elementor-cta__content-item elementor-content-item\">\n\t\t\t\t\t\tNuestra respuesta a la pandemia de COVID-19\t\t\t\t\t<\/h4>\n\t\t\t\t\n\t\t\t\t\t\t\t\t\t<div class=\"elementor-cta__description elementor-cta__content-item elementor-content-item\">\n\t\t\t\t\t\tOur residential staff have been paramount in keeping our clients healthy and safe throughout the pandemic.&nbsp; To date, we have had no clients or staff members test positive for COVID-19 in our residential programs.&nbsp; The hard work and dedication of our staff who have worked tirelessly throughout; many of them spending time away from their own families and working long hours to ensure we could support each and every one of our individuals.&nbsp; They have been flexible in the ever-changing policies and regulations as we navigate to through unchartered territory.&nbsp; We are appreciative of everyone who assisted our residential programs, especially day program staff.&nbsp; It has and will continue to be a collaborative effort!\t\t\t\t\t<\/div>\n\t\t\t\t\n\t\t\t\t\t\t\t<\/div>\n\t\t\t\t\t\t<\/div>\n\t\t\t\t\t\t<\/div>\n\t\t\t\t<\/div>\n\t\t\t\t\t<\/div>\n\t\t<\/div>\n\t\t\t\t\t<\/div>\n\t\t<\/section>\n\t\t\t\t\t<\/div>\n\t\t<\/div>\n\t\t\t\t\t<\/div>\n\t\t<\/section>\n\t\t\t\t<\/div>","protected":false},"excerpt":{"rendered":"<p>Developmental Disabilities Services Our trained bilingual and multicultural staff work with individuals to support their acquisition of important, basic life skills needed to manage daily responsibilities consistent with concepts of \u201cPerson Centered Planning.\u201d\u00a0 Apply Now Virtual Tour of OPWDD Housing Unit https:\/\/www.ibero.org\/wp-content\/uploads\/2022\/09\/OPWDD_unit.mp4 Community Habilitation Program Our Community Habilitation Program helps participants acquire skills in the [&hellip;]<\/p>\n","protected":false},"author":17,"featured_media":0,"parent":0,"menu_order":0,"comment_status":"closed","ping_status":"closed","template":"","meta":{"_acf_changed":false,"footnotes":""},"class_list":["post-1121","page","type-page","status-publish","hentry"],"acf":[],"yoast_head":"<!-- This site is optimized with the Yoast SEO plugin v27.5 - https:\/\/yoast.com\/product\/yoast-seo-wordpress\/ -->\n<title>Developmental Disabilities Services - Ibero<\/title>\n<meta name=\"robots\" content=\"index, follow, max-snippet:-1, max-image-preview:large, max-video-preview:-1\" \/>\n<link rel=\"canonical\" href=\"https:\/\/www.ibero.org\/es\/developmental-disabilities-services\/\" \/>\n<meta property=\"og:locale\" content=\"es_ES\" \/>\n<meta property=\"og:type\" content=\"article\" \/>\n<meta property=\"og:title\" content=\"Developmental Disabilities Services - Ibero\" \/>\n<meta property=\"og:description\" content=\"Developmental Disabilities Services Our trained bilingual and multicultural staff work with individuals to support their acquisition of important, basic life skills needed to manage daily responsibilities consistent with concepts of \u201cPerson Centered Planning.\u201d\u00a0 Apply Now Virtual Tour of OPWDD Housing Unit https:\/\/www.ibero.org\/wp-content\/uploads\/2022\/09\/OPWDD_unit.mp4 Community Habilitation Program Our Community Habilitation Program helps participants acquire skills in the [&hellip;]\" \/>\n<meta property=\"og:url\" content=\"https:\/\/www.ibero.org\/es\/developmental-disabilities-services\/\" \/>\n<meta property=\"og:site_name\" content=\"Ibero\" \/>\n<meta property=\"article:modified_time\" content=\"2022-09-16T15:37:51+00:00\" \/>\n<meta property=\"og:image\" content=\"https:\/\/www.ibero.org\/wp-content\/uploads\/2022\/03\/1-1.png\" \/>\n<meta name=\"twitter:card\" content=\"summary_large_image\" \/>\n<meta name=\"twitter:label1\" content=\"Tiempo de lectura\" \/>\n\t<meta name=\"twitter:data1\" content=\"3 minutos\" \/>\n<script type=\"application\/ld+json\" class=\"yoast-schema-graph\">{\"@context\":\"https:\\\/\\\/schema.org\",\"@graph\":[{\"@type\":\"WebPage\",\"@id\":\"https:\\\/\\\/www.ibero.org\\\/developmental-disabilities-services\\\/\",\"url\":\"https:\\\/\\\/www.ibero.org\\\/developmental-disabilities-services\\\/\",\"name\":\"Developmental Disabilities Services - Ibero\",\"isPartOf\":{\"@id\":\"https:\\\/\\\/www.ibero.org\\\/#website\"},\"primaryImageOfPage\":{\"@id\":\"https:\\\/\\\/www.ibero.org\\\/developmental-disabilities-services\\\/#primaryimage\"},\"image\":{\"@id\":\"https:\\\/\\\/www.ibero.org\\\/developmental-disabilities-services\\\/#primaryimage\"},\"thumbnailUrl\":\"https:\\\/\\\/www.ibero.org\\\/wp-content\\\/uploads\\\/2022\\\/03\\\/1-1.png\",\"datePublished\":\"2020-07-13T19:07:09+00:00\",\"dateModified\":\"2022-09-16T15:37:51+00:00\",\"breadcrumb\":{\"@id\":\"https:\\\/\\\/www.ibero.org\\\/developmental-disabilities-services\\\/#breadcrumb\"},\"inLanguage\":\"es\",\"potentialAction\":[{\"@type\":\"ReadAction\",\"target\":[\"https:\\\/\\\/www.ibero.org\\\/developmental-disabilities-services\\\/\"]}]},{\"@type\":\"ImageObject\",\"inLanguage\":\"es\",\"@id\":\"https:\\\/\\\/www.ibero.org\\\/developmental-disabilities-services\\\/#primaryimage\",\"url\":\"https:\\\/\\\/www.ibero.org\\\/wp-content\\\/uploads\\\/2022\\\/03\\\/1-1.png\",\"contentUrl\":\"https:\\\/\\\/www.ibero.org\\\/wp-content\\\/uploads\\\/2022\\\/03\\\/1-1.png\"},{\"@type\":\"BreadcrumbList\",\"@id\":\"https:\\\/\\\/www.ibero.org\\\/developmental-disabilities-services\\\/#breadcrumb\",\"itemListElement\":[{\"@type\":\"ListItem\",\"position\":1,\"name\":\"Home\",\"item\":\"https:\\\/\\\/www.ibero.org\\\/\"},{\"@type\":\"ListItem\",\"position\":2,\"name\":\"Developmental Disabilities Services\"}]},{\"@type\":\"WebSite\",\"@id\":\"https:\\\/\\\/www.ibero.org\\\/#website\",\"url\":\"https:\\\/\\\/www.ibero.org\\\/\",\"name\":\"Ibero\",\"description\":\"American Action League\",\"publisher\":{\"@id\":\"https:\\\/\\\/www.ibero.org\\\/#organization\"},\"potentialAction\":[{\"@type\":\"SearchAction\",\"target\":{\"@type\":\"EntryPoint\",\"urlTemplate\":\"https:\\\/\\\/www.ibero.org\\\/?s={search_term_string}\"},\"query-input\":{\"@type\":\"PropertyValueSpecification\",\"valueRequired\":true,\"valueName\":\"search_term_string\"}}],\"inLanguage\":\"es\"},{\"@type\":\"Organization\",\"@id\":\"https:\\\/\\\/www.ibero.org\\\/#organization\",\"name\":\"Ibero\",\"url\":\"https:\\\/\\\/www.ibero.org\\\/\",\"logo\":{\"@type\":\"ImageObject\",\"inLanguage\":\"es\",\"@id\":\"https:\\\/\\\/www.ibero.org\\\/#\\\/schema\\\/logo\\\/image\\\/\",\"url\":\"https:\\\/\\\/www.ibero.org\\\/wp-content\\\/uploads\\\/2020\\\/05\\\/ibero-logo.jpg\",\"contentUrl\":\"https:\\\/\\\/www.ibero.org\\\/wp-content\\\/uploads\\\/2020\\\/05\\\/ibero-logo.jpg\",\"width\":268,\"height\":72,\"caption\":\"Ibero\"},\"image\":{\"@id\":\"https:\\\/\\\/www.ibero.org\\\/#\\\/schema\\\/logo\\\/image\\\/\"}}]}<\/script>\n<!-- \/ Yoast SEO plugin. -->","yoast_head_json":{"title":"Developmental Disabilities Services - Ibero","robots":{"index":"index","follow":"follow","max-snippet":"max-snippet:-1","max-image-preview":"max-image-preview:large","max-video-preview":"max-video-preview:-1"},"canonical":"https:\/\/www.ibero.org\/es\/developmental-disabilities-services\/","og_locale":"es_ES","og_type":"article","og_title":"Developmental Disabilities Services - Ibero","og_description":"Developmental Disabilities Services Our trained bilingual and multicultural staff work with individuals to support their acquisition of important, basic life skills needed to manage daily responsibilities consistent with concepts of \u201cPerson Centered Planning.\u201d\u00a0 Apply Now Virtual Tour of OPWDD Housing Unit https:\/\/www.ibero.org\/wp-content\/uploads\/2022\/09\/OPWDD_unit.mp4 Community Habilitation Program Our Community Habilitation Program helps participants acquire skills in the [&hellip;]","og_url":"https:\/\/www.ibero.org\/es\/developmental-disabilities-services\/","og_site_name":"Ibero","article_modified_time":"2022-09-16T15:37:51+00:00","og_image":[{"url":"https:\/\/www.ibero.org\/wp-content\/uploads\/2022\/03\/1-1.png","type":"","width":"","height":""}],"twitter_card":"summary_large_image","twitter_misc":{"Tiempo de lectura":"3 minutos"},"schema":{"@context":"https:\/\/schema.org","@graph":[{"@type":"WebPage","@id":"https:\/\/www.ibero.org\/developmental-disabilities-services\/","url":"https:\/\/www.ibero.org\/developmental-disabilities-services\/","name":"Developmental Disabilities Services - Ibero","isPartOf":{"@id":"https:\/\/www.ibero.org\/#website"},"primaryImageOfPage":{"@id":"https:\/\/www.ibero.org\/developmental-disabilities-services\/#primaryimage"},"image":{"@id":"https:\/\/www.ibero.org\/developmental-disabilities-services\/#primaryimage"},"thumbnailUrl":"https:\/\/www.ibero.org\/wp-content\/uploads\/2022\/03\/1-1.png","datePublished":"2020-07-13T19:07:09+00:00","dateModified":"2022-09-16T15:37:51+00:00","breadcrumb":{"@id":"https:\/\/www.ibero.org\/developmental-disabilities-services\/#breadcrumb"},"inLanguage":"es","potentialAction":[{"@type":"ReadAction","target":["https:\/\/www.ibero.org\/developmental-disabilities-services\/"]}]},{"@type":"ImageObject","inLanguage":"es","@id":"https:\/\/www.ibero.org\/developmental-disabilities-services\/#primaryimage","url":"https:\/\/www.ibero.org\/wp-content\/uploads\/2022\/03\/1-1.png","contentUrl":"https:\/\/www.ibero.org\/wp-content\/uploads\/2022\/03\/1-1.png"},{"@type":"BreadcrumbList","@id":"https:\/\/www.ibero.org\/developmental-disabilities-services\/#breadcrumb","itemListElement":[{"@type":"ListItem","position":1,"name":"Home","item":"https:\/\/www.ibero.org\/"},{"@type":"ListItem","position":2,"name":"Developmental Disabilities Services"}]},{"@type":"WebSite","@id":"https:\/\/www.ibero.org\/#website","url":"https:\/\/www.ibero.org\/","name":"Ibero","description":"American Action League","publisher":{"@id":"https:\/\/www.ibero.org\/#organization"},"potentialAction":[{"@type":"SearchAction","target":{"@type":"EntryPoint","urlTemplate":"https:\/\/www.ibero.org\/?s={search_term_string}"},"query-input":{"@type":"PropertyValueSpecification","valueRequired":true,"valueName":"search_term_string"}}],"inLanguage":"es"},{"@type":"Organization","@id":"https:\/\/www.ibero.org\/#organization","name":"Ibero","url":"https:\/\/www.ibero.org\/","logo":{"@type":"ImageObject","inLanguage":"es","@id":"https:\/\/www.ibero.org\/#\/schema\/logo\/image\/","url":"https:\/\/www.ibero.org\/wp-content\/uploads\/2020\/05\/ibero-logo.jpg","contentUrl":"https:\/\/www.ibero.org\/wp-content\/uploads\/2020\/05\/ibero-logo.jpg","width":268,"height":72,"caption":"Ibero"},"image":{"@id":"https:\/\/www.ibero.org\/#\/schema\/logo\/image\/"}}]}},"_links":{"self":[{"href":"https:\/\/www.ibero.org\/es\/wp-json\/wp\/v2\/pages\/1121","targetHints":{"allow":["GET"]}}],"collection":[{"href":"https:\/\/www.ibero.org\/es\/wp-json\/wp\/v2\/pages"}],"about":[{"href":"https:\/\/www.ibero.org\/es\/wp-json\/wp\/v2\/types\/page"}],"author":[{"embeddable":true,"href":"https:\/\/www.ibero.org\/es\/wp-json\/wp\/v2\/users\/17"}],"replies":[{"embeddable":true,"href":"https:\/\/www.ibero.org\/es\/wp-json\/wp\/v2\/comments?post=1121"}],"version-history":[{"count":0,"href":"https:\/\/www.ibero.org\/es\/wp-json\/wp\/v2\/pages\/1121\/revisions"}],"wp:attachment":[{"href":"https:\/\/www.ibero.org\/es\/wp-json\/wp\/v2\/media?parent=1121"}],"curies":[{"name":"wp","href":"https:\/\/api.w.org\/{rel}","templated":true}]}}